{"id":8,"date":"2026-05-18T20:47:20","date_gmt":"2026-05-18T18:47:20","guid":{"rendered":"https:\/\/www.devjulien.ovh\/rando-esterel\/?page_id=8"},"modified":"2026-09-01T21:07:19","modified_gmt":"2026-09-01T19:07:19","slug":"accueil","status":"publish","type":"page","link":"https:\/\/www.rando-esterel.fr\/","title":{"rendered":"Accueil"},"content":{"rendered":"\n<div class=\"wp-block-group\"><div class=\"wp-block-group__inner-container is-layout-constrained wp-block-group-is-layout-constrained\">\n<div style=\"height:50px\" aria-hidden=\"true\" class=\"wp-block-spacer\"><\/div>\n\n\n\n<h1 class=\"wp-block-heading has-text-align-center\">Rando Esterel<\/h1>\n\n\n\n<h2 class=\"wp-block-heading has-text-align-center\">Explorez l&rsquo;Esterel autrement<\/h2>\n\n\n\n<div style=\"height:50px\" aria-hidden=\"true\" class=\"wp-block-spacer\"><\/div>\n\n\n\n<div class=\"wp-block-columns is-layout-flex wp-container-core-columns-is-layout-8f761849 wp-block-columns-is-layout-flex\">\n<div class=\"wp-block-column is-layout-flow wp-block-column-is-layout-flow\"><div class=\"wp-block-image is-style-default img-portrait wp-duotone-unset-1\">\n<figure class=\"aligncenter size-full is-resized\"><img loading=\"lazy\" decoding=\"async\" width=\"700\" height=\"933\" src=\"https:\/\/www.devjulien.ovh\/rando-esterel\/wp-content\/uploads\/2026\/09\/IMG-20240528-WA00122-1.jpg\" alt=\"\" class=\"wp-image-140\" style=\"aspect-ratio:0.7502720585034606;object-fit:contain;object-position:50% 49%;width:321px;height:auto\" srcset=\"https:\/\/www.rando-esterel.fr\/wp-content\/uploads\/2026\/09\/IMG-20240528-WA00122-1.jpg 700w, https:\/\/www.rando-esterel.fr\/wp-content\/uploads\/2026\/09\/IMG-20240528-WA00122-1-225x300.jpg 225w\" sizes=\"auto, (max-width: 700px) 100vw, 700px\" \/><\/figure>\n<\/div>\n\n\n<h5 class=\"wp-block-heading has-text-align-center\">Amanda, votre guide<\/h5>\n<\/div>\n\n\n\n<div class=\"wp-block-column is-layout-flow wp-block-column-is-layout-flow\">\n<p class=\"wp-block-paragraph\">Je m\u2019appelle Amanda et j\u2019ai cr\u00e9\u00e9 Rando Est\u00e9rel en 2021 avec une envie toute simple : partager ma passion pour ce massif qui me fascine tant et vous faire d\u00e9couvrir l\u2019Est\u00e9rel autrement.<\/p>\n\n\n\n<p class=\"wp-block-paragraph\">L\u2019Est\u00e9rel, c\u2019est un v\u00e9ritable coup de c\u0153ur. Ses roches rouges qui se d\u00e9tachent sur le bleu de la M\u00e9diterran\u00e9e, ses petits sentiers au milieu des pins, ses points de vue \u00e0 couper le souffle\u2026 mais aussi tous ces petits d\u00e9tails que l\u2019on ne remarque pas forc\u00e9ment au premier regard. Au fil des ann\u00e9es, j\u2019ai appris \u00e0 conna\u00eetre ses chemins, ses histoires et ses petits secrets. Et ce que j\u2019aime par-dessus tout, c\u2019est les partager avec vous.\u00a0<\/p>\n\n\n\n<p class=\"wp-block-paragraph\">\u00c9ducatrice sportive de m\u00e9tier et animatrice dans l\u2019\u00e2me, j\u2019aime proposer des randonn\u00e9es accessibles, conviviales et vivantes. Je crois qu\u2019une belle randonn\u00e9e ne se r\u00e9sume pas au nombre de kilom\u00e8tres parcourus : c\u2019est aussi prendre le temps de s\u2019\u00e9merveiller, d\u2019apprendre, d\u2019\u00e9changer et de vivre un moment authentique. <\/p>\n\n\n\n<p class=\"wp-block-paragraph\">Avec Rando Est\u00e9rel, je vous emm\u00e8ne \u00e0 la d\u00e9couverte de ce massif \u00e0 travers des itin\u00e9raires vari\u00e9s, pour petits et grands, d\u00e9butants comme habitu\u00e9s. Chaque balade est l\u2019occasion de vivre une exp\u00e9rience diff\u00e9rente, au plus pr\u00e8s de la nature et dans une ambiance chaleureuse.<\/p>\n\n\n\n<p class=\"wp-block-paragraph\">Mon objectif est simple : qu\u2019en rentrant de randonn\u00e9e, vous ayez les jambes un peu fatigu\u00e9es\u2026 mais surtout le sourire, de belles images en t\u00eate et l\u2019envie de revenir explorer un autre coin de l\u2019Est\u00e9rel.<\/p>\n\n\n\n<p class=\"wp-block-paragraph\">Alors, pr\u00eats \u00e0 partir \u00e0 l\u2019aventure avec moi ?<\/p>\n\n\n\n<div style=\"height:20px\" aria-hidden=\"true\" class=\"wp-block-spacer\"><\/div>\n\n\n\n<div class=\"wp-block-buttons is-layout-flex wp-block-buttons-is-layout-flex\">\n<div class=\"wp-block-button\"><a class=\"wp-block-button__link wp-element-button\" href=\"https:\/\/www.devjulien.ovh\/rando-esterel\/?page_id=55\">R\u00e9servez une randonn\u00e9e<\/a><\/div>\n<\/div>\n<\/div>\n<\/div>\n\n\n\n<div style=\"height:50px\" aria-hidden=\"true\" class=\"wp-block-spacer\"><\/div>\n<\/div><\/div>\n\n\n\n<div class=\"wp-block-group bloc-clair\"><div class=\"wp-block-group__inner-container is-layout-constrained wp-block-group-is-layout-constrained\">\n<div style=\"height:50px\" aria-hidden=\"true\" class=\"wp-block-spacer\"><\/div>\n\n\n\n<figure class=\"wp-block-gallery has-nested-images columns-4 is-cropped wp-block-gallery-2 is-layout-flex wp-block-gallery-is-layout-flex\">\n<figure class=\"wp-block-image size-full\"><img loading=\"lazy\" decoding=\"async\" width=\"899\" height=\"1599\" data-id=\"120\" src=\"https:\/\/www.devjulien.ovh\/rando-esterel\/wp-content\/uploads\/2026\/08\/lac-des-nenuphars.jpg\" alt=\"\" class=\"wp-image-120\" srcset=\"https:\/\/www.rando-esterel.fr\/wp-content\/uploads\/2026\/08\/lac-des-nenuphars.jpg 899w, https:\/\/www.rando-esterel.fr\/wp-content\/uploads\/2026\/08\/lac-des-nenuphars-169x300.jpg 169w, https:\/\/www.rando-esterel.fr\/wp-content\/uploads\/2026\/08\/lac-des-nenuphars-576x1024.jpg 576w, https:\/\/www.rando-esterel.fr\/wp-content\/uploads\/2026\/08\/lac-des-nenuphars-768x1366.jpg 768w, https:\/\/www.rando-esterel.fr\/wp-content\/uploads\/2026\/08\/lac-des-nenuphars-864x1536.jpg 864w\" sizes=\"auto, (max-width: 899px) 100vw, 899px\" \/><\/figure>\n\n\n\n<figure class=\"wp-block-image size-full\"><img loading=\"lazy\" decoding=\"async\" width=\"512\" height=\"512\" data-id=\"117\" src=\"https:\/\/www.devjulien.ovh\/rando-esterel\/wp-content\/uploads\/2026\/08\/Cap-Roux.jpg\" alt=\"\" class=\"wp-image-117\" srcset=\"https:\/\/www.rando-esterel.fr\/wp-content\/uploads\/2026\/08\/Cap-Roux.jpg 512w, https:\/\/www.rando-esterel.fr\/wp-content\/uploads\/2026\/08\/Cap-Roux-300x300.jpg 300w, https:\/\/www.rando-esterel.fr\/wp-content\/uploads\/2026\/08\/Cap-Roux-150x150.jpg 150w\" sizes=\"auto, (max-width: 512px) 100vw, 512px\" \/><\/figure>\n\n\n\n<figure class=\"wp-block-image size-full\"><img loading=\"lazy\" decoding=\"async\" width=\"700\" height=\"933\" data-id=\"121\" src=\"https:\/\/www.devjulien.ovh\/rando-esterel\/wp-content\/uploads\/2026\/08\/Automne-1.jpg\" alt=\"\" class=\"wp-image-121\" srcset=\"https:\/\/www.rando-esterel.fr\/wp-content\/uploads\/2026\/08\/Automne-1.jpg 700w, https:\/\/www.rando-esterel.fr\/wp-content\/uploads\/2026\/08\/Automne-1-225x300.jpg 225w\" sizes=\"auto, (max-width: 700px) 100vw, 700px\" \/><\/figure>\n\n\n\n<figure class=\"wp-block-image size-full\"><img loading=\"lazy\" decoding=\"async\" width=\"1638\" height=\"1638\" data-id=\"118\" src=\"https:\/\/www.devjulien.ovh\/rando-esterel\/wp-content\/uploads\/2026\/08\/Mimosa.jpg\" alt=\"\" class=\"wp-image-118\" srcset=\"https:\/\/www.rando-esterel.fr\/wp-content\/uploads\/2026\/08\/Mimosa.jpg 1638w, https:\/\/www.rando-esterel.fr\/wp-content\/uploads\/2026\/08\/Mimosa-300x300.jpg 300w, https:\/\/www.rando-esterel.fr\/wp-content\/uploads\/2026\/08\/Mimosa-1024x1024.jpg 1024w, https:\/\/www.rando-esterel.fr\/wp-content\/uploads\/2026\/08\/Mimosa-150x150.jpg 150w, https:\/\/www.rando-esterel.fr\/wp-content\/uploads\/2026\/08\/Mimosa-768x768.jpg 768w, https:\/\/www.rando-esterel.fr\/wp-content\/uploads\/2026\/08\/Mimosa-1536x1536.jpg 1536w\" sizes=\"auto, (max-width: 1638px) 100vw, 1638px\" \/><\/figure>\n<\/figure>\n\n\n\n<div style=\"height:50px\" aria-hidden=\"true\" class=\"wp-block-spacer\"><\/div>\n<\/div><\/div>\n\n\n\n<p class=\"wp-block-paragraph\"><\/p>\n","protected":false},"excerpt":{"rendered":"<p>Rando Esterel Explorez l&rsquo;Esterel autrement Amanda, votre guide Je m\u2019appelle Amanda et j\u2019ai cr\u00e9\u00e9 Rando Est\u00e9rel en 2021 avec une envie toute simple : partager ma passion pour ce massif qui me fascine tant et vous faire d\u00e9couvrir l\u2019Est\u00e9rel autrement. L\u2019Est\u00e9rel, c\u2019est un v\u00e9ritable coup de c\u0153ur. Ses roches rouges qui se d\u00e9tachent sur le [&hellip;]<\/p>\n","protected":false},"author":1,"featured_media":0,"parent":0,"menu_order":0,"comment_status":"closed","ping_status":"closed","template":"","meta":{"footnotes":""},"class_list":["post-8","page","type-page","status-publish","hentry"],"yoast_head":"<!-- This site is optimized with the Yoast SEO plugin v28.4 - https:\/\/yoast.com\/product\/yoast-seo-wordpress\/ -->\n<title>Accueil - Rando Esterel<\/title>\n<meta name=\"robots\" content=\"index, follow, max-snippet:-1, max-image-preview:large, max-video-preview:-1\" \/>\n<link rel=\"canonical\" href=\"https:\/\/www.rando-esterel.fr\/\" \/>\n<meta property=\"og:locale\" content=\"fr_FR\" \/>\n<meta property=\"og:type\" content=\"article\" \/>\n<meta property=\"og:title\" content=\"Accueil - Rando Esterel\" \/>\n<meta property=\"og:description\" content=\"Rando Esterel Explorez l&rsquo;Esterel autrement Amanda, votre guide Je m\u2019appelle Amanda et j\u2019ai cr\u00e9\u00e9 Rando Est\u00e9rel en 2021 avec une envie toute simple : partager ma passion pour ce massif qui me fascine tant et vous faire d\u00e9couvrir l\u2019Est\u00e9rel autrement. L\u2019Est\u00e9rel, c\u2019est un v\u00e9ritable coup de c\u0153ur. Ses roches rouges qui se d\u00e9tachent sur le [&hellip;]\" \/>\n<meta property=\"og:url\" content=\"https:\/\/www.rando-esterel.fr\/\" \/>\n<meta property=\"og:site_name\" content=\"Rando Esterel\" \/>\n<meta property=\"article:modified_time\" content=\"2026-09-01T19:07:19+00:00\" \/>\n<meta property=\"og:image\" content=\"https:\/\/www.devjulien.ovh\/rando-esterel\/wp-content\/uploads\/2026\/09\/IMG-20240528-WA00122-1.jpg\" \/>\n<meta name=\"twitter:card\" content=\"summary_large_image\" \/>\n<meta name=\"twitter:label1\" content=\"Dur\u00e9e de lecture estim\u00e9e\" \/>\n\t<meta name=\"twitter:data1\" content=\"3 minutes\" \/>\n<script type=\"application\/ld+json\" class=\"yoast-schema-graph\">{\"@context\":\"https:\\\/\\\/schema.org\",\"@graph\":[{\"@type\":\"WebPage\",\"@id\":\"https:\\\/\\\/www.rando-esterel.fr\\\/\",\"url\":\"https:\\\/\\\/www.rando-esterel.fr\\\/\",\"name\":\"Accueil - Rando Esterel\",\"isPartOf\":{\"@id\":\"https:\\\/\\\/www.rando-esterel.fr\\\/#website\"},\"primaryImageOfPage\":{\"@id\":\"https:\\\/\\\/www.rando-esterel.fr\\\/#primaryimage\"},\"image\":{\"@id\":\"https:\\\/\\\/www.rando-esterel.fr\\\/#primaryimage\"},\"thumbnailUrl\":\"https:\\\/\\\/www.devjulien.ovh\\\/rando-esterel\\\/wp-content\\\/uploads\\\/2026\\\/09\\\/IMG-20240528-WA00122-1.jpg\",\"datePublished\":\"2026-05-18T18:47:20+00:00\",\"dateModified\":\"2026-09-01T19:07:19+00:00\",\"breadcrumb\":{\"@id\":\"https:\\\/\\\/www.rando-esterel.fr\\\/#breadcrumb\"},\"inLanguage\":\"fr-FR\",\"potentialAction\":[{\"@type\":\"ReadAction\",\"target\":[\"https:\\\/\\\/www.rando-esterel.fr\\\/\"]}]},{\"@type\":\"ImageObject\",\"inLanguage\":\"fr-FR\",\"@id\":\"https:\\\/\\\/www.rando-esterel.fr\\\/#primaryimage\",\"url\":\"https:\\\/\\\/www.devjulien.ovh\\\/rando-esterel\\\/wp-content\\\/uploads\\\/2026\\\/09\\\/IMG-20240528-WA00122-1.jpg\",\"contentUrl\":\"https:\\\/\\\/www.devjulien.ovh\\\/rando-esterel\\\/wp-content\\\/uploads\\\/2026\\\/09\\\/IMG-20240528-WA00122-1.jpg\"},{\"@type\":\"BreadcrumbList\",\"@id\":\"https:\\\/\\\/www.rando-esterel.fr\\\/#breadcrumb\",\"itemListElement\":[{\"@type\":\"ListItem\",\"position\":1,\"name\":\"Home\",\"item\":\"https:\\\/\\\/www.rando-esterel.fr\\\/\"},{\"@type\":\"ListItem\",\"position\":2,\"name\":\"Accueil\"}]},{\"@type\":\"WebSite\",\"@id\":\"https:\\\/\\\/www.rando-esterel.fr\\\/#website\",\"url\":\"https:\\\/\\\/www.rando-esterel.fr\\\/\",\"name\":\"Rando Esterel\",\"description\":\"Amanda BLANC - \u00c9ducatrice sportive et guide de randonn\u00e9e\",\"publisher\":{\"@id\":\"https:\\\/\\\/www.rando-esterel.fr\\\/#organization\"},\"potentialAction\":[{\"@type\":\"SearchAction\",\"target\":{\"@type\":\"EntryPoint\",\"urlTemplate\":\"https:\\\/\\\/www.rando-esterel.fr\\\/?s={search_term_string}\"},\"query-input\":{\"@type\":\"PropertyValueSpecification\",\"valueRequired\":true,\"valueName\":\"search_term_string\"}}],\"inLanguage\":\"fr-FR\"},{\"@type\":\"Organization\",\"@id\":\"https:\\\/\\\/www.rando-esterel.fr\\\/#organization\",\"name\":\"Rando Esterel\",\"url\":\"https:\\\/\\\/www.rando-esterel.fr\\\/\",\"logo\":{\"@type\":\"ImageObject\",\"inLanguage\":\"fr-FR\",\"@id\":\"https:\\\/\\\/www.rando-esterel.fr\\\/#\\\/schema\\\/logo\\\/image\\\/\",\"url\":\"https:\\\/\\\/www.rando-esterel.fr\\\/wp-content\\\/uploads\\\/2026\\\/05\\\/cropped-cropped-rando-esterel.png\",\"contentUrl\":\"https:\\\/\\\/www.rando-esterel.fr\\\/wp-content\\\/uploads\\\/2026\\\/05\\\/cropped-cropped-rando-esterel.png\",\"width\":512,\"height\":512,\"caption\":\"Rando Esterel\"},\"image\":{\"@id\":\"https:\\\/\\\/www.rando-esterel.fr\\\/#\\\/schema\\\/logo\\\/image\\\/\"}}]}<\/script>\n<!-- \/ Yoast SEO plugin. -->","yoast_head_json":{"title":"Accueil - Rando Esterel","robots":{"index":"index","follow":"follow","max-snippet":"max-snippet:-1","max-image-preview":"max-image-preview:large","max-video-preview":"max-video-preview:-1"},"canonical":"https:\/\/www.rando-esterel.fr\/","og_locale":"fr_FR","og_type":"article","og_title":"Accueil - Rando Esterel","og_description":"Rando Esterel Explorez l&rsquo;Esterel autrement Amanda, votre guide Je m\u2019appelle Amanda et j\u2019ai cr\u00e9\u00e9 Rando Est\u00e9rel en 2021 avec une envie toute simple : partager ma passion pour ce massif qui me fascine tant et vous faire d\u00e9couvrir l\u2019Est\u00e9rel autrement. L\u2019Est\u00e9rel, c\u2019est un v\u00e9ritable coup de c\u0153ur. Ses roches rouges qui se d\u00e9tachent sur le [&hellip;]","og_url":"https:\/\/www.rando-esterel.fr\/","og_site_name":"Rando Esterel","article_modified_time":"2026-09-01T19:07:19+00:00","og_image":[{"url":"https:\/\/www.devjulien.ovh\/rando-esterel\/wp-content\/uploads\/2026\/09\/IMG-20240528-WA00122-1.jpg","type":"","width":"","height":""}],"twitter_card":"summary_large_image","twitter_misc":{"Dur\u00e9e de lecture estim\u00e9e":"3 minutes"},"schema":{"@context":"https:\/\/schema.org","@graph":[{"@type":"WebPage","@id":"https:\/\/www.rando-esterel.fr\/","url":"https:\/\/www.rando-esterel.fr\/","name":"Accueil - Rando Esterel","isPartOf":{"@id":"https:\/\/www.rando-esterel.fr\/#website"},"primaryImageOfPage":{"@id":"https:\/\/www.rando-esterel.fr\/#primaryimage"},"image":{"@id":"https:\/\/www.rando-esterel.fr\/#primaryimage"},"thumbnailUrl":"https:\/\/www.devjulien.ovh\/rando-esterel\/wp-content\/uploads\/2026\/09\/IMG-20240528-WA00122-1.jpg","datePublished":"2026-05-18T18:47:20+00:00","dateModified":"2026-09-01T19:07:19+00:00","breadcrumb":{"@id":"https:\/\/www.rando-esterel.fr\/#breadcrumb"},"inLanguage":"fr-FR","potentialAction":[{"@type":"ReadAction","target":["https:\/\/www.rando-esterel.fr\/"]}]},{"@type":"ImageObject","inLanguage":"fr-FR","@id":"https:\/\/www.rando-esterel.fr\/#primaryimage","url":"https:\/\/www.devjulien.ovh\/rando-esterel\/wp-content\/uploads\/2026\/09\/IMG-20240528-WA00122-1.jpg","contentUrl":"https:\/\/www.devjulien.ovh\/rando-esterel\/wp-content\/uploads\/2026\/09\/IMG-20240528-WA00122-1.jpg"},{"@type":"BreadcrumbList","@id":"https:\/\/www.rando-esterel.fr\/#breadcrumb","itemListElement":[{"@type":"ListItem","position":1,"name":"Home","item":"https:\/\/www.rando-esterel.fr\/"},{"@type":"ListItem","position":2,"name":"Accueil"}]},{"@type":"WebSite","@id":"https:\/\/www.rando-esterel.fr\/#website","url":"https:\/\/www.rando-esterel.fr\/","name":"Rando Esterel","description":"Amanda BLANC - \u00c9ducatrice sportive et guide de randonn\u00e9e","publisher":{"@id":"https:\/\/www.rando-esterel.fr\/#organization"},"potentialAction":[{"@type":"SearchAction","target":{"@type":"EntryPoint","urlTemplate":"https:\/\/www.rando-esterel.fr\/?s={search_term_string}"},"query-input":{"@type":"PropertyValueSpecification","valueRequired":true,"valueName":"search_term_string"}}],"inLanguage":"fr-FR"},{"@type":"Organization","@id":"https:\/\/www.rando-esterel.fr\/#organization","name":"Rando Esterel","url":"https:\/\/www.rando-esterel.fr\/","logo":{"@type":"ImageObject","inLanguage":"fr-FR","@id":"https:\/\/www.rando-esterel.fr\/#\/schema\/logo\/image\/","url":"https:\/\/www.rando-esterel.fr\/wp-content\/uploads\/2026\/05\/cropped-cropped-rando-esterel.png","contentUrl":"https:\/\/www.rando-esterel.fr\/wp-content\/uploads\/2026\/05\/cropped-cropped-rando-esterel.png","width":512,"height":512,"caption":"Rando Esterel"},"image":{"@id":"https:\/\/www.rando-esterel.fr\/#\/schema\/logo\/image\/"}}]}},"_links":{"self":[{"href":"https:\/\/www.rando-esterel.fr\/index.php?rest_route=\/wp\/v2\/pages\/8","targetHints":{"allow":["GET"]}}],"collection":[{"href":"https:\/\/www.rando-esterel.fr\/index.php?rest_route=\/wp\/v2\/pages"}],"about":[{"href":"https:\/\/www.rando-esterel.fr\/index.php?rest_route=\/wp\/v2\/types\/page"}],"author":[{"embeddable":true,"href":"https:\/\/www.rando-esterel.fr\/index.php?rest_route=\/wp\/v2\/users\/1"}],"replies":[{"embeddable":true,"href":"https:\/\/www.rando-esterel.fr\/index.php?rest_route=%2Fwp%2Fv2%2Fcomments&post=8"}],"version-history":[{"count":52,"href":"https:\/\/www.rando-esterel.fr\/index.php?rest_route=\/wp\/v2\/pages\/8\/revisions"}],"predecessor-version":[{"id":141,"href":"https:\/\/www.rando-esterel.fr\/index.php?rest_route=\/wp\/v2\/pages\/8\/revisions\/141"}],"wp:attachment":[{"href":"https:\/\/www.rando-esterel.fr\/index.php?rest_route=%2Fwp%2Fv2%2Fmedia&parent=8"}],"curies":[{"name":"wp","href":"https:\/\/api.w.org\/{rel}","templated":true}]}}